{"id":1038,"date":"2025-09-10T01:34:14","date_gmt":"2025-09-10T11:34:14","guid":{"rendered":"https:\/\/www.lasa.ddec.pf\/?page_id=1038"},"modified":"2026-04-27T21:17:25","modified_gmt":"2026-04-28T07:17:25","slug":"international","status":"publish","type":"page","link":"https:\/\/www.lasa.ddec.pf\/index.php\/international\/","title":{"rendered":"International"},"content":{"rendered":"<p>[et_pb_section fb_built=\u00a0\u00bb1&Prime; _builder_version=\u00a0\u00bb4.27.4&Prime; _module_preset=\u00a0\u00bbdefault\u00a0\u00bb custom_margin=\u00a0\u00bb0px||||false|false\u00a0\u00bb custom_padding=\u00a0\u00bb12px||3px|||\u00a0\u00bb locked=\u00a0\u00bboff\u00a0\u00bb global_colors_info=\u00a0\u00bb{}\u00a0\u00bb][et_pb_row custom_padding_last_edited=\u00a0\u00bbon|phone\u00a0\u00bb _builder_version=\u00a0\u00bb4.27.4&Prime; _module_preset=\u00a0\u00bbdefault\u00a0\u00bb background_image=\u00a0\u00bbhttps:\/\/www.lasa.ddec.pf\/wp-content\/uploads\/2025\/09\/cropped-cropped-lycee-2-1024&#215;614-1.png\u00a0\u00bb background_position=\u00a0\u00bbbottom_center\u00a0\u00bb background_vertical_offset=\u00a0\u00bb26%\u00a0\u00bb width=\u00a0\u00bb95%\u00a0\u00bb max_width=\u00a0\u00bb1600px\u00a0\u00bb custom_padding=\u00a0\u00bb100px||100px||true|false\u00a0\u00bb custom_padding_tablet=\u00a0\u00bb100px||100px||true|false\u00a0\u00bb custom_padding_phone=\u00a0\u00bb50px||50px||true|false\u00a0\u00bb border_radii=\u00a0\u00bbon|24px|24px|24px|24px\u00a0\u00bb global_colors_info=\u00a0\u00bb{}\u00a0\u00bb][et_pb_column type=\u00a0\u00bb4_4&Prime; _builder_version=\u00a0\u00bb4.27.4&Prime; _module_preset=\u00a0\u00bbdefault\u00a0\u00bb global_colors_info=\u00a0\u00bb{}\u00a0\u00bb][et_pb_text _builder_version=\u00a0\u00bb4.27.4&Prime; _module_preset=\u00a0\u00bbdefault\u00a0\u00bb text_font=\u00a0\u00bb|||on|||||\u00a0\u00bb text_text_color=\u00a0\u00bb#FFFFFF\u00a0\u00bb text_font_size=\u00a0\u00bb40px\u00a0\u00bb text_line_height=\u00a0\u00bb1.5em\u00a0\u00bb global_colors_info=\u00a0\u00bb{}\u00a0\u00bb]<\/p>\n<p style=\"text-align: center;\">\u00e0 l&rsquo;international<\/p>\n<p>[\/et_pb_text][\/et_pb_column][\/et_pb_row][\/et_pb_section][et_pb_section fb_built=\u00a0\u00bb1&Prime; _builder_version=\u00a0\u00bb4.27.4&Prime; _module_preset=\u00a0\u00bbdefault\u00a0\u00bb background_image=\u00a0\u00bbhttps:\/\/www.lasa.ddec.pf\/wp-content\/uploads\/2025\/09\/Group-2.png\u00a0\u00bb background_size=\u00a0\u00bbcontain\u00a0\u00bb custom_padding=\u00a0\u00bb4px|||||\u00a0\u00bb global_colors_info=\u00a0\u00bb{}\u00a0\u00bb][et_pb_row column_structure=\u00a0\u00bb1_2,1_2&Prime; _builder_version=\u00a0\u00bb4.27.4&Prime; _module_preset=\u00a0\u00bbdefault\u00a0\u00bb width=\u00a0\u00bb90%\u00a0\u00bb global_colors_info=\u00a0\u00bb{}\u00a0\u00bb][et_pb_column type=\u00a0\u00bb1_2&Prime; _builder_version=\u00a0\u00bb4.27.4&Prime; _module_preset=\u00a0\u00bbdefault\u00a0\u00bb global_colors_info=\u00a0\u00bb{}\u00a0\u00bb][et_pb_text _builder_version=\u00a0\u00bb4.27.4&Prime; _module_preset=\u00a0\u00bbdefault\u00a0\u00bb text_text_color=\u00a0\u00bbgcid-secondary-color\u00a0\u00bb custom_margin=\u00a0\u00bb||15px|||\u00a0\u00bb global_colors_info=\u00a0\u00bb{%22gcid-secondary-color%22:%91%22text_text_color%22%93}\u00a0\u00bb]<\/p>\n<h3 data-start=\"310\" data-end=\"342\">Une ouverture sur le monde<\/h3>\n<p data-start=\"343\" data-end=\"524\">[\/et_pb_text][et_pb_text _builder_version=\u00a0\u00bb4.27.4&Prime; _module_preset=\u00a0\u00bbdefault\u00a0\u00bb custom_margin=\u00a0\u00bb-13px|||||\u00a0\u00bb custom_padding=\u00a0\u00bb6px|||||\u00a0\u00bb global_colors_info=\u00a0\u00bb{}\u00a0\u00bb]<\/p>\n<p data-start=\"343\" data-end=\"524\">Le lyc\u00e9e agricole Saint-Athanase, ancr\u00e9 au c\u0153ur des \u00eeles Marquises, fait de l\u2019ouverture \u00e0 l\u2019international un pilier de sa p\u00e9dagogie.<br data-start=\"475\" data-end=\"478\" \/>L\u2019\u00e9tablissement accompagne ses \u00e9l\u00e8ves dans :<\/p>\n<ul data-start=\"525\" data-end=\"1044\">\n<li data-start=\"525\" data-end=\"632\">\n<p data-start=\"527\" data-end=\"632\"><strong data-start=\"527\" data-end=\"577\">La d\u00e9couverte de nouvelles pratiques agricoles<\/strong> adapt\u00e9es aux r\u00e9alit\u00e9s de diff\u00e9rents pays et climats.<\/p>\n<\/li>\n<li data-start=\"633\" data-end=\"749\">\n<p data-start=\"635\" data-end=\"749\"><strong data-start=\"635\" data-end=\"684\">Le d\u00e9veloppement de comp\u00e9tences linguistiques<\/strong>, notamment en anglais, \u00e0 travers une mise en situation r\u00e9elle.<\/p>\n<\/li>\n<li data-start=\"750\" data-end=\"896\">\n<p data-start=\"752\" data-end=\"896\"><strong data-start=\"752\" data-end=\"791\">L\u2019enrichissement culturel et humain<\/strong>, gr\u00e2ce \u00e0 des immersions au sein d\u2019exploitations, d\u2019\u00e9coles ou d\u2019\u00e9v\u00e9nements professionnels \u00e0 l\u2019\u00e9tranger.<\/p>\n<\/li>\n<li data-start=\"897\" data-end=\"1044\">\n<p data-start=\"899\" data-end=\"1044\"><strong data-start=\"899\" data-end=\"947\">La pr\u00e9paration \u00e0 la mobilit\u00e9 professionnelle<\/strong>, essentielle dans un monde agricole et rural de plus en plus connect\u00e9 au Pacifique et au-del\u00e0.<\/p>\n<\/li>\n<\/ul>\n<p data-start=\"1046\" data-end=\"1217\">Ces projets sont rendus possibles gr\u00e2ce \u00e0 un large partenariat avec le minist\u00e8re de l\u2019Agriculture, le Fonds Pacifique, Erasmus+, et des acteurs locaux et internationaux.<\/p>\n<p>[\/et_pb_text][\/et_pb_column][et_pb_column type=\u00a0\u00bb1_2&Prime; _builder_version=\u00a0\u00bb4.27.4&Prime; _module_preset=\u00a0\u00bbdefault\u00a0\u00bb global_colors_info=\u00a0\u00bb{}\u00a0\u00bb][et_pb_image src=\u00a0\u00bbhttps:\/\/www.lasa.ddec.pf\/wp-content\/uploads\/2025\/09\/photo-international.png\u00a0\u00bb title_text=\u00a0\u00bbphoto international\u00a0\u00bb align=\u00a0\u00bbcenter\u00a0\u00bb _builder_version=\u00a0\u00bb4.27.4&Prime; _module_preset=\u00a0\u00bbdefault\u00a0\u00bb width=\u00a0\u00bb60%\u00a0\u00bb global_colors_info=\u00a0\u00bb{}\u00a0\u00bb][\/et_pb_image][\/et_pb_column][\/et_pb_row][\/et_pb_section][et_pb_section fb_built=\u00a0\u00bb1&Prime; _builder_version=\u00a0\u00bb4.27.4&Prime; _module_preset=\u00a0\u00bbdefault\u00a0\u00bb background_image=\u00a0\u00bbhttps:\/\/www.lasa.ddec.pf\/wp-content\/uploads\/2025\/09\/Group-2.png\u00a0\u00bb background_size=\u00a0\u00bbcontain\u00a0\u00bb global_colors_info=\u00a0\u00bb{}\u00a0\u00bb][et_pb_row column_structure=\u00a0\u00bb2_5,3_5&Prime; _builder_version=\u00a0\u00bb4.27.4&Prime; _module_preset=\u00a0\u00bbdefault\u00a0\u00bb width=\u00a0\u00bb90%\u00a0\u00bb global_colors_info=\u00a0\u00bb{}\u00a0\u00bb][et_pb_column type=\u00a0\u00bb2_5&Prime; _builder_version=\u00a0\u00bb4.27.4&Prime; _module_preset=\u00a0\u00bbdefault\u00a0\u00bb global_colors_info=\u00a0\u00bb{}\u00a0\u00bb][et_pb_image src=\u00a0\u00bbhttps:\/\/www.lasa.ddec.pf\/wp-content\/uploads\/2025\/09\/Flag_of_New_Zealand.svg_.png\u00a0\u00bb title_text=\u00a0\u00bbFlag_of_New_Zealand.svg\u00a0\u00bb align=\u00a0\u00bbcenter\u00a0\u00bb _builder_version=\u00a0\u00bb4.27.4&Prime; _module_preset=\u00a0\u00bbdefault\u00a0\u00bb width=\u00a0\u00bb66%\u00a0\u00bb min_height=\u00a0\u00bb87.8px\u00a0\u00bb custom_padding=\u00a0\u00bb||0px|||\u00a0\u00bb global_colors_info=\u00a0\u00bb{}\u00a0\u00bb][\/et_pb_image][et_pb_image src=\u00a0\u00bbhttps:\/\/www.lasa.ddec.pf\/wp-content\/uploads\/2026\/04\/20251130_133528-scaled.jpg\u00a0\u00bb title_text=\u00a0\u00bb20251130_133528&Prime; align=\u00a0\u00bbcenter\u00a0\u00bb _builder_version=\u00a0\u00bb4.27.6&Prime; _module_preset=\u00a0\u00bbdefault\u00a0\u00bb width=\u00a0\u00bb66%\u00a0\u00bb min_height=\u00a0\u00bb64.2px\u00a0\u00bb custom_padding=\u00a0\u00bb||0px|||\u00a0\u00bb global_colors_info=\u00a0\u00bb{}\u00a0\u00bb][\/et_pb_image][et_pb_image src=\u00a0\u00bbhttps:\/\/www.lasa.ddec.pf\/wp-content\/uploads\/2026\/04\/20251204_131524-scaled.jpg\u00a0\u00bb title_text=\u00a0\u00bb20251204_131524&Prime; align=\u00a0\u00bbcenter\u00a0\u00bb _builder_version=\u00a0\u00bb4.27.6&Prime; _module_preset=\u00a0\u00bbdefault\u00a0\u00bb width=\u00a0\u00bb66%\u00a0\u00bb global_colors_info=\u00a0\u00bb{}\u00a0\u00bb][\/et_pb_image][et_pb_image src=\u00a0\u00bbhttps:\/\/www.lasa.ddec.pf\/wp-content\/uploads\/2026\/04\/20251202_125844-scaled.jpg\u00a0\u00bb title_text=\u00a0\u00bb20251202_125844&Prime; align=\u00a0\u00bbcenter\u00a0\u00bb _builder_version=\u00a0\u00bb4.27.6&Prime; _module_preset=\u00a0\u00bbdefault\u00a0\u00bb width=\u00a0\u00bb66%\u00a0\u00bb global_colors_info=\u00a0\u00bb{}\u00a0\u00bb][\/et_pb_image][\/et_pb_column][et_pb_column type=\u00a0\u00bb3_5&Prime; _builder_version=\u00a0\u00bb4.27.4&Prime; _module_preset=\u00a0\u00bbdefault\u00a0\u00bb global_colors_info=\u00a0\u00bb{}\u00a0\u00bb][et_pb_text _builder_version=\u00a0\u00bb4.27.4&Prime; _module_preset=\u00a0\u00bbdefault\u00a0\u00bb text_text_color=\u00a0\u00bbgcid-secondary-color\u00a0\u00bb custom_margin=\u00a0\u00bb||15px|||\u00a0\u00bb global_colors_info=\u00a0\u00bb{%22gcid-secondary-color%22:%91%22text_text_color%22%93}\u00a0\u00bb]<\/p>\n<h3 data-start=\"310\" data-end=\"342\">Voyage d\u2019\u00e9tude en Nouvelle-Z\u00e9lande \u2013 Seconde Professionnelle \u00ab Productions \u00bb<\/h3>\n<p>[\/et_pb_text][et_pb_text _builder_version=\u00a0\u00bb4.27.4&Prime; _module_preset=\u00a0\u00bbdefault\u00a0\u00bb custom_margin=\u00a0\u00bb-13px|||||\u00a0\u00bb custom_padding=\u00a0\u00bb6px|||||\u00a0\u00bb global_colors_info=\u00a0\u00bb{}\u00a0\u00bb]<\/p>\n<ul data-start=\"1841\" data-end=\"2041\">\n<li data-start=\"1841\" data-end=\"1893\"><strong data-start=\"1843\" data-end=\"1854\">P\u00e9riode<\/strong> : du 28 novembre au 8 d\u00e9cembre 2025.<\/li>\n<li data-start=\"1894\" data-end=\"1970\">\n<p data-start=\"1896\" data-end=\"1970\"><strong data-start=\"1896\" data-end=\"1915\">Public concern\u00e9<\/strong> : classe de seconde professionnelle \u00ab Productions \u00bb.<\/p>\n<\/li>\n<li data-start=\"1971\" data-end=\"2041\">\n<p data-start=\"1973\" data-end=\"2041\"><strong data-start=\"1973\" data-end=\"1999\">Partenaires financiers<\/strong> : minist\u00e8re de l\u2019Agriculture, SFD, DAG.<\/p>\n<\/li>\n<\/ul>\n<p data-start=\"2043\" data-end=\"2085\"><strong data-start=\"2043\" data-end=\"2083\">Contenus p\u00e9dagogiques et exp\u00e9riences<\/strong><\/p>\n<ul data-start=\"2086\" data-end=\"2399\">\n<li data-start=\"2086\" data-end=\"2200\">\n<p data-start=\"2088\" data-end=\"2200\">Visite\u00a0fermes p\u00e9dagogiques: Swiss Belle ( Ferme Caprine), Donald&rsquo;s Farm (Bovine)<\/p>\n<\/li>\n<li data-start=\"2201\" data-end=\"2319\">\n<p data-start=\"2203\" data-end=\"2319\">D\u00e9couverte d\u2019exploitations agricoles: Fruits rouge, Myrtilles, permaculture.<\/p>\n<\/li>\n<li data-start=\"2201\" data-end=\"2319\">Enrichissement des comp\u00e9tences en anglais gr\u00e2ce \u00e0 une pratique quotidienne.<\/li>\n<\/ul>\n<p data-start=\"2401\" data-end=\"2430\"><strong data-start=\"2401\" data-end=\"2428\">D\u00e9couvertes culturelles et ludiques<\/strong><\/p>\n<ul data-start=\"2431\" data-end=\"2607\">\n<li data-start=\"2431\" data-end=\"2461\">\n<p data-start=\"2433\" data-end=\"2461\">Visite d\u2019un village maori.<\/p>\n<\/li>\n<li data-start=\"2462\" data-end=\"2499\">\n<p data-start=\"2464\" data-end=\"2499\">Mont\u00e9e \u00e0 la Sky Tower d\u2019Auckland.<\/p>\n<\/li>\n<li data-start=\"2500\" data-end=\"2607\">Echange culturel et linguistique avec une \u00e9cole Maori &#8211; Mangere<\/li>\n<li data-start=\"2500\" data-end=\"2607\">Visite du Zoo de Auckland<\/li>\n<li data-start=\"2500\" data-end=\"2607\">Visite du parc d&rsquo;attraction Rainbow Park<\/li>\n<li data-start=\"2500\" data-end=\"2607\">\n<p data-start=\"2502\" data-end=\"2607\">Nombreuses d\u00e9couvertes culturelles et amicales, pour la plupart lors d\u2019un premier voyage international.<\/p>\n<\/li>\n<\/ul>\n<p>[\/et_pb_text][et_pb_button button_url=\u00a0\u00bb@ET-DC@eyJkeW5hbWljIjp0cnVlLCJjb250ZW50IjoicG9zdF9saW5rX3VybF9wYWdlIiwic2V0dGluZ3MiOnsicG9zdF9pZCI6Ijk5In19@\u00a0\u00bb button_text=\u00a0\u00bbBouton\u00a0\u00bb _builder_version=\u00a0\u00bb4.27.6&Prime; _dynamic_attributes=\u00a0\u00bbbutton_url\u00a0\u00bb _module_preset=\u00a0\u00bbdefault\u00a0\u00bb custom_button=\u00a0\u00bbon\u00a0\u00bb button_text_size=\u00a0\u00bb16px\u00a0\u00bb button_text_color=\u00a0\u00bb#FFFFFF\u00a0\u00bb button_bg_color=\u00a0\u00bbgcid-heading-color\u00a0\u00bb button_border_width=\u00a0\u00bb0px\u00a0\u00bb button_border_radius=\u00a0\u00bb48px\u00a0\u00bb button_use_icon=\u00a0\u00bboff\u00a0\u00bb custom_padding=\u00a0\u00bb12px|24px|12px|24px|true|true\u00a0\u00bb hover_enabled=\u00a0\u00bb0&Prime; global_colors_info=\u00a0\u00bb{%22gcid-heading-color%22:%91%22button_bg_color%22%93}\u00a0\u00bb button_bg_color__hover_enabled=\u00a0\u00bbon|hover\u00a0\u00bb button_bg_color__hover=\u00a0\u00bbrgba(55,74,55,0.8)\u00a0\u00bb button_bg_enable_color__hover=\u00a0\u00bbon\u00a0\u00bb locked=\u00a0\u00bboff\u00a0\u00bb sticky_enabled=\u00a0\u00bb0&Prime;][\/et_pb_button][\/et_pb_column][\/et_pb_row][\/et_pb_section][et_pb_section fb_built=\u00a0\u00bb1&Prime; _builder_version=\u00a0\u00bb4.27.6&Prime; _module_preset=\u00a0\u00bbdefault\u00a0\u00bb background_image=\u00a0\u00bbhttps:\/\/www.lasa.ddec.pf\/wp-content\/uploads\/2025\/09\/Group-2.png\u00a0\u00bb background_size=\u00a0\u00bbcontain\u00a0\u00bb global_colors_info=\u00a0\u00bb{}\u00a0\u00bb][et_pb_row column_structure=\u00a0\u00bb2_5,3_5&Prime; _builder_version=\u00a0\u00bb4.27.6&Prime; _module_preset=\u00a0\u00bbdefault\u00a0\u00bb width=\u00a0\u00bb90%\u00a0\u00bb global_colors_info=\u00a0\u00bb{}\u00a0\u00bb][et_pb_column type=\u00a0\u00bb2_5&Prime; _builder_version=\u00a0\u00bb4.27.4&Prime; _module_preset=\u00a0\u00bbdefault\u00a0\u00bb global_colors_info=\u00a0\u00bb{}\u00a0\u00bb][et_pb_image src=\u00a0\u00bbhttps:\/\/www.lasa.ddec.pf\/wp-content\/uploads\/2025\/09\/Flag_of_Vanuatu_official.svg_.png\u00a0\u00bb title_text=\u00a0\u00bbFlag_of_Vanuatu_(official).svg\u00a0\u00bb align=\u00a0\u00bbcenter\u00a0\u00bb _builder_version=\u00a0\u00bb4.27.4&Prime; _module_preset=\u00a0\u00bbdefault\u00a0\u00bb width=\u00a0\u00bb66%\u00a0\u00bb global_colors_info=\u00a0\u00bb{}\u00a0\u00bb][\/et_pb_image][et_pb_image src=\u00a0\u00bbhttps:\/\/www.lasa.ddec.pf\/wp-content\/uploads\/2026\/04\/493393155_1202967881839250_4840535459724062731_n.jpg\u00a0\u00bb title_text=\u00a0\u00bb493393155_1202967881839250_4840535459724062731_n\u00a0\u00bb align=\u00a0\u00bbcenter\u00a0\u00bb _builder_version=\u00a0\u00bb4.27.6&Prime; _module_preset=\u00a0\u00bbdefault\u00a0\u00bb width=\u00a0\u00bb66%\u00a0\u00bb global_colors_info=\u00a0\u00bb{}\u00a0\u00bb][\/et_pb_image][et_pb_image src=\u00a0\u00bbhttps:\/\/www.lasa.ddec.pf\/wp-content\/uploads\/2026\/04\/492519845_1202886281847410_7789251813330286222_n.jpg\u00a0\u00bb title_text=\u00a0\u00bb492519845_1202886281847410_7789251813330286222_n\u00a0\u00bb align=\u00a0\u00bbcenter\u00a0\u00bb _builder_version=\u00a0\u00bb4.27.6&Prime; _module_preset=\u00a0\u00bbdefault\u00a0\u00bb width=\u00a0\u00bb66%\u00a0\u00bb global_colors_info=\u00a0\u00bb{}\u00a0\u00bb][\/et_pb_image][et_pb_image src=\u00a0\u00bbhttps:\/\/www.lasa.ddec.pf\/wp-content\/uploads\/2026\/04\/493586931_1202886288514076_1906846741268031737_n.jpg\u00a0\u00bb title_text=\u00a0\u00bb493586931_1202886288514076_1906846741268031737_n\u00a0\u00bb align=\u00a0\u00bbcenter\u00a0\u00bb _builder_version=\u00a0\u00bb4.27.6&Prime; _module_preset=\u00a0\u00bbdefault\u00a0\u00bb width=\u00a0\u00bb66%\u00a0\u00bb global_colors_info=\u00a0\u00bb{}\u00a0\u00bb][\/et_pb_image][\/et_pb_column][et_pb_column type=\u00a0\u00bb3_5&Prime; _builder_version=\u00a0\u00bb4.27.4&Prime; _module_preset=\u00a0\u00bbdefault\u00a0\u00bb global_colors_info=\u00a0\u00bb{}\u00a0\u00bb][et_pb_text _builder_version=\u00a0\u00bb4.27.4&Prime; _module_preset=\u00a0\u00bbdefault\u00a0\u00bb text_text_color=\u00a0\u00bbgcid-secondary-color\u00a0\u00bb custom_margin=\u00a0\u00bb||15px|||\u00a0\u00bb global_colors_info=\u00a0\u00bb{%22gcid-secondary-color%22:%91%22text_text_color%22%93}\u00a0\u00bb]<\/p>\n<h3 data-start=\"310\" data-end=\"342\">S\u00e9jour de formation au Vanuatu (Efate) \u2013 CAPa ARC et SAPVER<\/h3>\n<p data-start=\"343\" data-end=\"524\">[\/et_pb_text][et_pb_text _builder_version=\u00a0\u00bb4.27.4&Prime; _module_preset=\u00a0\u00bbdefault\u00a0\u00bb custom_margin=\u00a0\u00bb-13px|||||\u00a0\u00bb custom_padding=\u00a0\u00bb6px|||||\u00a0\u00bb global_colors_info=\u00a0\u00bb{}\u00a0\u00bb]<\/p>\n<ul data-start=\"326\" data-end=\"722\">\n<li data-start=\"326\" data-end=\"400\">\n<p data-start=\"328\" data-end=\"400\"><strong data-start=\"328\" data-end=\"339\">P\u00e9riode<\/strong> : du 21 novembre au 7 d\u00e9cembre 2024 (2 semaines et demie).<\/p>\n<\/li>\n<li data-start=\"401\" data-end=\"548\">\n<p data-start=\"403\" data-end=\"548\"><strong data-start=\"403\" data-end=\"422\">Public concern\u00e9<\/strong> : \u00e9l\u00e8ves de CAPa \u00ab Agriculture des R\u00e9gions Chaudes \u00bb (ARC) et \u00ab Services aux Personnes et Vente en Milieu Rural \u00bb (SAPVER).<\/p>\n<\/li>\n<li data-start=\"549\" data-end=\"722\">\n<p data-start=\"551\" data-end=\"722\"><strong data-start=\"551\" data-end=\"577\">Partenaires financiers<\/strong> : minist\u00e8re de l\u2019Agriculture (plan de relance mobilit\u00e9), Fonds Pacifique, minist\u00e8re des Affaires \u00e9trang\u00e8res (France m\u00e9tropolitaine), Erasmus+.<\/p>\n<\/li>\n<\/ul>\n<p data-start=\"724\" data-end=\"766\"><strong data-start=\"724\" data-end=\"764\">Contenus p\u00e9dagogiques et exp\u00e9riences<\/strong><\/p>\n<ul data-start=\"767\" data-end=\"1213\">\n<li data-start=\"767\" data-end=\"900\">\n<p data-start=\"769\" data-end=\"900\">5 apprenants en fili\u00e8re ARC : immersion en exploitations agricoles (hydroponie, plein champ, production d\u2019ananas) et en abattoir.<\/p>\n<\/li>\n<li data-start=\"901\" data-end=\"997\">\n<p data-start=\"903\" data-end=\"997\">2 apprenantes en fili\u00e8re SAPVER : immersion \u00e0 l\u2019\u00e9cole maternelle du Sacr\u00e9-C\u0153ur de Port-Vila.<\/p>\n<\/li>\n<li data-start=\"998\" data-end=\"1143\">\n<p data-start=\"1000\" data-end=\"1143\">D\u00e9veloppement de comp\u00e9tences professionnelles, transmission de savoir-faire et ouverture sur la francophonie et l\u2019apprentissage de l\u2019anglais.<\/p>\n<\/li>\n<li data-start=\"1144\" data-end=\"1213\">\n<p data-start=\"1146\" data-end=\"1213\">R\u00e9flexion sur des enjeux \u00e9conomiques communs aux \u00c9tats oc\u00e9aniens.<\/p>\n<\/li>\n<\/ul>\n<p data-start=\"1215\" data-end=\"1244\"><strong data-start=\"1215\" data-end=\"1242\">D\u00e9couvertes culturelles<\/strong><\/p>\n<ul data-start=\"1245\" data-end=\"1588\">\n<li data-start=\"1245\" data-end=\"1311\">\n<p data-start=\"1247\" data-end=\"1311\">Visites professionnelles et culturelles hors temps de travail.<\/p>\n<\/li>\n<li data-start=\"1312\" data-end=\"1386\">\n<p data-start=\"1314\" data-end=\"1386\">Cr\u00e9ation de liens d\u2019amiti\u00e9 avec les familles et les \u00e9quipes d\u2019accueil.<\/p>\n<\/li>\n<li data-start=\"1387\" data-end=\"1478\">\n<p data-start=\"1389\" data-end=\"1478\">D\u00e9couverte de la cuisine vanuataise et retour de nouvelles recettes aux \u00eeles Marquises.<\/p>\n<\/li>\n<li data-start=\"1479\" data-end=\"1588\">\n<p data-start=\"1481\" data-end=\"1588\">Pour la majorit\u00e9, un premier voyage \u00e0 l\u2019international favorisant une ouverture \u00e0 la diversit\u00e9 culturelle.<\/p>\n<\/li>\n<\/ul>\n<p>[\/et_pb_text][\/et_pb_column][\/et_pb_row][\/et_pb_section][et_pb_section fb_built=\u00a0\u00bb1&Prime; _builder_version=\u00a0\u00bb4.27.4&Prime; _module_preset=\u00a0\u00bbdefault\u00a0\u00bb background_image=\u00a0\u00bbhttps:\/\/www.lasa.ddec.pf\/wp-content\/uploads\/2025\/09\/Group-2.png\u00a0\u00bb background_size=\u00a0\u00bbcontain\u00a0\u00bb global_colors_info=\u00a0\u00bb{}\u00a0\u00bb][et_pb_row column_structure=\u00a0\u00bb2_5,3_5&Prime; _builder_version=\u00a0\u00bb4.27.4&Prime; _module_preset=\u00a0\u00bbdefault\u00a0\u00bb width=\u00a0\u00bb90%\u00a0\u00bb global_colors_info=\u00a0\u00bb{}\u00a0\u00bb][et_pb_column type=\u00a0\u00bb2_5&Prime; _builder_version=\u00a0\u00bb4.27.4&Prime; _module_preset=\u00a0\u00bbdefault\u00a0\u00bb global_colors_info=\u00a0\u00bb{}\u00a0\u00bb][et_pb_image src=\u00a0\u00bbhttps:\/\/www.lasa.ddec.pf\/wp-content\/uploads\/2026\/04\/france.jpg\u00a0\u00bb title_text=\u00a0\u00bbfrance\u00a0\u00bb align=\u00a0\u00bbcenter\u00a0\u00bb _builder_version=\u00a0\u00bb4.27.6&Prime; _module_preset=\u00a0\u00bbdefault\u00a0\u00bb width=\u00a0\u00bb66%\u00a0\u00bb min_height=\u00a0\u00bb60.4px\u00a0\u00bb custom_padding=\u00a0\u00bb||0px|||\u00a0\u00bb global_colors_info=\u00a0\u00bb{}\u00a0\u00bb][\/et_pb_image][et_pb_image src=\u00a0\u00bbhttps:\/\/www.lasa.ddec.pf\/wp-content\/uploads\/2026\/04\/Photo-de-groupe-avec-M.-Eric-PERON-directeur-du-lycee-Saint-Nicolas-la-Providence-scaled.jpg\u00a0\u00bb title_text=\u00a0\u00bbPhoto de groupe avec M. Eric PERON, directeur du lyc\u00e9e Saint Nicolas la Providence\u00a0\u00bb align=\u00a0\u00bbcenter\u00a0\u00bb _builder_version=\u00a0\u00bb4.27.6&Prime; _module_preset=\u00a0\u00bbdefault\u00a0\u00bb width=\u00a0\u00bb66%\u00a0\u00bb global_colors_info=\u00a0\u00bb{}\u00a0\u00bb][\/et_pb_image][et_pb_image src=\u00a0\u00bbhttps:\/\/www.lasa.ddec.pf\/wp-content\/uploads\/2026\/04\/Poulailler-de-Me-Veronique.jpg\u00a0\u00bb title_text=\u00a0\u00bbPoulailler de Me V\u00e9ronique\u00a0\u00bb align=\u00a0\u00bbcenter\u00a0\u00bb _builder_version=\u00a0\u00bb4.27.6&Prime; _module_preset=\u00a0\u00bbdefault\u00a0\u00bb width=\u00a0\u00bb66%\u00a0\u00bb global_colors_info=\u00a0\u00bb{}\u00a0\u00bb][\/et_pb_image][et_pb_image src=\u00a0\u00bbhttps:\/\/www.lasa.ddec.pf\/wp-content\/uploads\/2026\/04\/voyage-france-2.jpg\u00a0\u00bb title_text=\u00a0\u00bbrpt\u00a0\u00bb align=\u00a0\u00bbcenter\u00a0\u00bb _builder_version=\u00a0\u00bb4.27.6&Prime; _module_preset=\u00a0\u00bbdefault\u00a0\u00bb width=\u00a0\u00bb66%\u00a0\u00bb global_colors_info=\u00a0\u00bb{}\u00a0\u00bb][\/et_pb_image][\/et_pb_column][et_pb_column type=\u00a0\u00bb3_5&Prime; _builder_version=\u00a0\u00bb4.27.4&Prime; _module_preset=\u00a0\u00bbdefault\u00a0\u00bb global_colors_info=\u00a0\u00bb{}\u00a0\u00bb][et_pb_text _builder_version=\u00a0\u00bb4.27.4&Prime; _module_preset=\u00a0\u00bbdefault\u00a0\u00bb text_text_color=\u00a0\u00bbgcid-secondary-color\u00a0\u00bb custom_margin=\u00a0\u00bb||15px|||\u00a0\u00bb global_colors_info=\u00a0\u00bb{%22gcid-secondary-color%22:%91%22text_text_color%22%93}\u00a0\u00bb]<\/p>\n<h3 data-start=\"310\" data-end=\"342\">S\u00e9jour culturel en France \u2013 CAPa ARC2\u00a0<\/h3>\n<p data-start=\"343\" data-end=\"524\">\n<p>[\/et_pb_text][et_pb_text _builder_version=\u00a0\u00bb4.27.4&Prime; _module_preset=\u00a0\u00bbdefault\u00a0\u00bb custom_margin=\u00a0\u00bb-13px|||||\u00a0\u00bb custom_padding=\u00a0\u00bb6px|||||\u00a0\u00bb global_colors_info=\u00a0\u00bb{}\u00a0\u00bb]<\/p>\n<p data-start=\"328\" data-end=\"400\"><strong data-start=\"328\" data-end=\"339\"><\/strong><\/p>\n<p data-start=\"328\" data-end=\"400\"><strong data-start=\"328\" data-end=\"339\">\u00a0<br style=\"font-style: normal; font-variant: normal; font-weight: normal; letter-spacing: normal; line-height: normal; orphans: 2; text-align: -webkit-auto; text-indent: 0px; text-transform: none; white-space: normal; widows: 2; word-spacing: 0px; -webkit-text-size-adjust: auto; -webkit-text-stroke-width: 0px;\" \/>P\u00e9riode<\/strong> : du 20 octobre\u00a0 au 5 novembre\u00a0 2023.<\/p>\n<ul data-start=\"326\" data-end=\"722\">\n<li data-start=\"401\" data-end=\"548\">\n<p data-start=\"403\" data-end=\"548\"><strong data-start=\"403\" data-end=\"422\">Public concern\u00e9<\/strong> : \u00e9l\u00e8ves de Terminale CAPa \u00ab Agriculture des R\u00e9gions Chaudes \u00bb (ARC) .<\/p>\n<\/li>\n<li data-start=\"549\" data-end=\"722\">\n<p data-start=\"551\" data-end=\"722\"><strong data-start=\"551\" data-end=\"577\">Partenaires financiers<\/strong> : minist\u00e8re de l\u2019Agriculture (plan de relance mobilit\u00e9)<\/p>\n<\/li>\n<\/ul>\n<p data-start=\"724\" data-end=\"766\"><strong data-start=\"724\" data-end=\"764\">Contenus p\u00e9dagogiques et exp\u00e9riences<\/strong><\/p>\n<ul data-start=\"767\" data-end=\"1213\">\n<li data-start=\"767\" data-end=\"900\">\n<p data-start=\"769\" data-end=\"900\">4 apprenants en fili\u00e8re ARC<\/p>\n<\/li>\n<li data-start=\"767\" data-end=\"900\">\n<p data-start=\"769\" data-end=\"900\"><span class=\"fontstyle0\">Concr\u00e9tiser un projet d&rsquo;\u00e9change avec les \u00e9l\u00e8ves <\/span><span class=\"fontstyle0\">de CAPa ARC du lyc\u00e9e La Touche \u00e0 Plo\u00ebrmel.<\/span><\/p>\n<\/li>\n<li data-start=\"767\" data-end=\"900\">\n<p data-start=\"769\" data-end=\"900\"><span class=\"fontstyle0\"><\/span><span class=\"fontstyle0\">\u00a0D\u00e9couvrir des m\u00e9thodes et des techniques innovantes <\/span><span class=\"fontstyle0\">employ\u00e9es dans l&rsquo;agriculture et l&rsquo;\u00e9levage.<\/span><\/p>\n<\/li>\n<li data-start=\"767\" data-end=\"900\">\n<p data-start=\"769\" data-end=\"900\"><span class=\"fontstyle0\"><\/span><span class=\"fontstyle0\">\u00a0Visiter des \u00e9tablissements agricoles du r\u00e9seau CNEAP<\/span><span class=\"fontstyle0\">(Conseil National d\u2019Enseignement Agricole Priv\u00e9).<\/span><strong data-start=\"1215\" data-end=\"1242\"><\/strong><\/p>\n<\/li>\n<\/ul>\n<p><strong data-start=\"1215\" data-end=\"1242\"><\/strong><\/p>\n<p data-start=\"769\" data-end=\"900\"><strong data-start=\"1215\" data-end=\"1242\">\u00a0 D\u00e9couvertes culturelles<\/strong><\/p>\n<ul data-start=\"1245\" data-end=\"1588\">\n<li data-start=\"1245\" data-end=\"1311\">\n<p data-start=\"1247\" data-end=\"1311\">\u00a0<span class=\"fontstyle0\">Visites historiques et culturelles : le ch\u00e2teau de Josselin, la for\u00eat de Broc\u00e9liande avec l\u2019arbre d\u2019or, le Mont Saint-Michel, la tour Eiffel, le mus\u00e9e du Louvre et le ch\u00e2teau de Versailles<\/span>.<\/p>\n<\/li>\n<li data-start=\"1312\" data-end=\"1386\">Pour la majorit\u00e9, un premier voyage \u00e0 l\u2019international favorisant une ouverture \u00e0 la diversit\u00e9 culturelle.<\/li>\n<\/ul>\n<p>[\/et_pb_text][\/et_pb_column][\/et_pb_row][\/et_pb_section][et_pb_section fb_built=\u00a0\u00bb1&Prime; _builder_version=\u00a0\u00bb4.27.4&Prime; _module_preset=\u00a0\u00bbdefault\u00a0\u00bb background_image=\u00a0\u00bbhttps:\/\/www.lasa.ddec.pf\/wp-content\/uploads\/2025\/09\/Group-2.png\u00a0\u00bb background_size=\u00a0\u00bbcontain\u00a0\u00bb global_colors_info=\u00a0\u00bb{}\u00a0\u00bb][et_pb_row column_structure=\u00a0\u00bb2_5,3_5&Prime; _builder_version=\u00a0\u00bb4.27.4&Prime; _module_preset=\u00a0\u00bbdefault\u00a0\u00bb width=\u00a0\u00bb90%\u00a0\u00bb global_colors_info=\u00a0\u00bb{}\u00a0\u00bb][et_pb_column type=\u00a0\u00bb2_5&Prime; _builder_version=\u00a0\u00bb4.27.4&Prime; _module_preset=\u00a0\u00bbdefault\u00a0\u00bb global_colors_info=\u00a0\u00bb{}\u00a0\u00bb][et_pb_image src=\u00a0\u00bbhttps:\/\/www.lasa.ddec.pf\/wp-content\/uploads\/2025\/09\/Flag_of_New_Zealand.svg_.png\u00a0\u00bb title_text=\u00a0\u00bbFlag_of_New_Zealand.svg\u00a0\u00bb align=\u00a0\u00bbcenter\u00a0\u00bb _builder_version=\u00a0\u00bb4.27.4&Prime; _module_preset=\u00a0\u00bbdefault\u00a0\u00bb width=\u00a0\u00bb66%\u00a0\u00bb global_colors_info=\u00a0\u00bb{}\u00a0\u00bb][\/et_pb_image][et_pb_image src=\u00a0\u00bbhttps:\/\/www.lasa.ddec.pf\/wp-content\/uploads\/2026\/04\/IMG_20221125_170227-scaled.jpg\u00a0\u00bb title_text=\u00a0\u00bbcof\u00a0\u00bb align=\u00a0\u00bbcenter\u00a0\u00bb _builder_version=\u00a0\u00bb4.27.6&Prime; _module_preset=\u00a0\u00bbdefault\u00a0\u00bb width=\u00a0\u00bb66%\u00a0\u00bb global_colors_info=\u00a0\u00bb{}\u00a0\u00bb][\/et_pb_image][et_pb_image src=\u00a0\u00bbhttps:\/\/www.lasa.ddec.pf\/wp-content\/uploads\/2026\/04\/20221129_115209-scaled.jpg\u00a0\u00bb title_text=\u00a0\u00bb20221129_115209&Prime; align=\u00a0\u00bbcenter\u00a0\u00bb _builder_version=\u00a0\u00bb4.27.6&Prime; _module_preset=\u00a0\u00bbdefault\u00a0\u00bb width=\u00a0\u00bb66%\u00a0\u00bb global_colors_info=\u00a0\u00bb{}\u00a0\u00bb][\/et_pb_image][et_pb_image src=\u00a0\u00bbhttps:\/\/www.lasa.ddec.pf\/wp-content\/uploads\/2026\/04\/20221128_113904-scaled.jpg\u00a0\u00bb title_text=\u00a0\u00bb20221128_113904&Prime; align=\u00a0\u00bbcenter\u00a0\u00bb _builder_version=\u00a0\u00bb4.27.6&Prime; _module_preset=\u00a0\u00bbdefault\u00a0\u00bb width=\u00a0\u00bb66%\u00a0\u00bb global_colors_info=\u00a0\u00bb{}\u00a0\u00bb][\/et_pb_image][\/et_pb_column][et_pb_column type=\u00a0\u00bb3_5&Prime; _builder_version=\u00a0\u00bb4.27.4&Prime; _module_preset=\u00a0\u00bbdefault\u00a0\u00bb global_colors_info=\u00a0\u00bb{}\u00a0\u00bb][et_pb_text _builder_version=\u00a0\u00bb4.27.4&Prime; _module_preset=\u00a0\u00bbdefault\u00a0\u00bb text_text_color=\u00a0\u00bbgcid-secondary-color\u00a0\u00bb custom_margin=\u00a0\u00bb||15px|||\u00a0\u00bb global_colors_info=\u00a0\u00bb{%22gcid-secondary-color%22:%91%22text_text_color%22%93}\u00a0\u00bb]<\/p>\n<h3 data-start=\"310\" data-end=\"342\">Voyage d\u2019\u00e9tude en Nouvelle-Z\u00e9lande \u2013 Seconde Professionnelle \u00ab Productions \u00bb<\/h3>\n<p>[\/et_pb_text][et_pb_text _builder_version=\u00a0\u00bb4.27.4&Prime; _module_preset=\u00a0\u00bbdefault\u00a0\u00bb custom_margin=\u00a0\u00bb-13px|||||\u00a0\u00bb custom_padding=\u00a0\u00bb6px|||||\u00a0\u00bb global_colors_info=\u00a0\u00bb{}\u00a0\u00bb]<\/p>\n<ul data-start=\"1841\" data-end=\"2041\">\n<li data-start=\"1841\" data-end=\"1893\">\n<p data-start=\"1843\" data-end=\"1893\"><strong data-start=\"1843\" data-end=\"1854\">P\u00e9riode<\/strong> : du 30 novembre au 3 d\u00e9cembre 2022.<\/p>\n<\/li>\n<li data-start=\"1894\" data-end=\"1970\">\n<p data-start=\"1896\" data-end=\"1970\"><strong data-start=\"1896\" data-end=\"1915\">Public concern\u00e9<\/strong> : classe de seconde professionnelle \u00ab Productions \u00bb.<\/p>\n<\/li>\n<li data-start=\"1971\" data-end=\"2041\">\n<p data-start=\"1973\" data-end=\"2041\"><strong data-start=\"1973\" data-end=\"1999\">Partenaires financiers<\/strong> : minist\u00e8re de l\u2019Agriculture, SFD, DAG.<\/p>\n<\/li>\n<\/ul>\n<p data-start=\"2043\" data-end=\"2085\"><strong data-start=\"2043\" data-end=\"2083\">Contenus p\u00e9dagogiques et exp\u00e9riences<\/strong><\/p>\n<ul data-start=\"2086\" data-end=\"2399\">\n<li data-start=\"2086\" data-end=\"2200\">\n<p data-start=\"2088\" data-end=\"2200\">Visite de la Foire agricole <em data-start=\"2116\" data-end=\"2126\">Fieldays<\/em> (plus grande manifestation agricole annuelle de l\u2019oc\u00e9an Pacifique Sud).<\/p>\n<\/li>\n<li data-start=\"2201\" data-end=\"2319\">\n<p data-start=\"2203\" data-end=\"2319\">D\u00e9couverte d\u2019exploitations : pommes de terre, oignons, carottes, \u00e9levage laitier (Fonterra), fruits rouges, kiwis.<\/p>\n<\/li>\n<li data-start=\"2320\" data-end=\"2399\">\n<p data-start=\"2322\" data-end=\"2399\">Enrichissement des comp\u00e9tences en anglais gr\u00e2ce \u00e0 une pratique quotidienne.<\/p>\n<\/li>\n<\/ul>\n<p data-start=\"2401\" data-end=\"2430\"><strong data-start=\"2401\" data-end=\"2428\">D\u00e9couvertes culturelles<\/strong><\/p>\n<ul data-start=\"2431\" data-end=\"2607\">\n<li data-start=\"2431\" data-end=\"2461\">\n<p data-start=\"2433\" data-end=\"2461\">Visite d\u2019un village maori.<\/p>\n<\/li>\n<li data-start=\"2462\" data-end=\"2499\">\n<p data-start=\"2464\" data-end=\"2499\">Mont\u00e9e \u00e0 la Sky Tower d\u2019Auckland.<\/p>\n<\/li>\n<li data-start=\"2500\" data-end=\"2607\">\n<p data-start=\"2502\" data-end=\"2607\">Nombreuses d\u00e9couvertes culturelles et amicales, pour la plupart lors d\u2019un premier voyage international.<\/p>\n<\/li>\n<\/ul>\n<p>[\/et_pb_text][\/et_pb_column][\/et_pb_row][\/et_pb_section]<\/p>\n","protected":false},"excerpt":{"rendered":"<p>\u00e0 l&rsquo;internationalUne ouverture sur le monde Le lyc\u00e9e agricole Saint-Athanase, ancr\u00e9 au c\u0153ur des \u00eeles Marquises, fait de l\u2019ouverture \u00e0 l\u2019international un pilier de sa p\u00e9dagogie.L\u2019\u00e9tablissement accompagne ses \u00e9l\u00e8ves dans : La d\u00e9couverte de nouvelles pratiques agricoles adapt\u00e9es aux r\u00e9alit\u00e9s de diff\u00e9rents pays et climats. Le d\u00e9veloppement de comp\u00e9tences linguistiques, notamment en anglais, \u00e0 travers [&hellip;]<\/p>\n","protected":false},"author":13,"featured_media":0,"parent":0,"menu_order":0,"comment_status":"closed","ping_status":"closed","template":"","meta":{"_et_pb_use_builder":"on","_et_pb_old_content":"","_et_gb_content_width":"","footnotes":""},"class_list":["post-1038","page","type-page","status-publish","hentry"],"_links":{"self":[{"href":"https:\/\/www.lasa.ddec.pf\/index.php\/wp-json\/wp\/v2\/pages\/1038","targetHints":{"allow":["GET"]}}],"collection":[{"href":"https:\/\/www.lasa.ddec.pf\/index.php\/wp-json\/wp\/v2\/pages"}],"about":[{"href":"https:\/\/www.lasa.ddec.pf\/index.php\/wp-json\/wp\/v2\/types\/page"}],"author":[{"embeddable":true,"href":"https:\/\/www.lasa.ddec.pf\/index.php\/wp-json\/wp\/v2\/users\/13"}],"replies":[{"embeddable":true,"href":"https:\/\/www.lasa.ddec.pf\/index.php\/wp-json\/wp\/v2\/comments?post=1038"}],"version-history":[{"count":7,"href":"https:\/\/www.lasa.ddec.pf\/index.php\/wp-json\/wp\/v2\/pages\/1038\/revisions"}],"predecessor-version":[{"id":1218,"href":"https:\/\/www.lasa.ddec.pf\/index.php\/wp-json\/wp\/v2\/pages\/1038\/revisions\/1218"}],"wp:attachment":[{"href":"https:\/\/www.lasa.ddec.pf\/index.php\/wp-json\/wp\/v2\/media?parent=1038"}],"curies":[{"name":"wp","href":"https:\/\/api.w.org\/{rel}","templated":true}]}}